{"id":4773,"date":"2025-03-10T11:06:33","date_gmt":"2025-03-10T11:06:33","guid":{"rendered":"https:\/\/imagebank.staging.mediasignal.dev\/?page_id=4773"},"modified":"2025-06-17T10:36:11","modified_gmt":"2025-06-17T10:36:11","slug":"mediapankki-kunnille-ja-kaupungeille","status":"publish","type":"page","link":"https:\/\/imagebank.staging.mediasignal.dev\/fi\/soveltuvuus\/mediapankki-kunnille-ja-kaupungeille\/","title":{"rendered":"ImageBank mediapankki kunnille ja kaupungeille"},"content":{"rendered":"<div \n    class=\"relative flex flex-col xs:flex-row py-14\">\n        <div\n        class=\"-z-50 pointer-events-none absolute left-1\/2 w-screen -translate-x-1\/2  bg-gradient-to-t from-white to-tetriary -top-14 bottom-0\">\n    <\/div>\n    <div class=\"relative z-10 md:mt-10 lg:mt-20 xs:w-3\/5\">\n                <div class=\"border border-white text-white rounded-full w-fit px-4 py-2 mb-4\">\n            Kunnat &#038; kaupungit\n        <\/div>\n                <h1 class=\"z-10 mb-8 font-extrabold text-4xl sm:text-5xl md:text-7xl xl:text-8xl text-primary\">\n            Mediapankki kunnille ja kaupungeille\n        <\/h1>\n                <p class=\"mb-6\">\n            Kuntien ja kaupunkien mediapankin (DAM) k\u00e4yt\u00f6ss\u00e4 korostuu markkinoinnin ja viestinn\u00e4n prosessien tehostaminen sek\u00e4 saumaton yhteisty\u00f6 eri organisaation tiimien kanssa. \n            <span class=\"font-bold text-transparent bg-gradient-to-r from-primary to-secondary bg-clip-text\">\n                Varmista kotimaisella mediapankilla GDPR:n ja br\u00e4ndinmukainen aineistojen k\u00e4ytt\u00f6.\n            <\/span>\n        <\/p>\n                        <div class=\"flex flex-wrap gap-2 md:gap-4\">\n                        <a href=\"https:\/\/imagebank.staging.mediasignal.dev\/fi\/varaa-maksuton-demo\/#\" target=\"\"\n                class=\"flex text-sm md:text-base w-fit text-white items-center pl-6 pr-4 py-3 rounded-lg bg-gradient-to-r from-primary to-secondary transition ease-in-out hover:scale-102 duration-300\">\n                Varaa demo\n                <span class=\"min-w-4 min-h-4 ml-2\">\n                    <svg xmlns=\"http:\/\/www.w3.org\/2000\/svg\" fill=\"none\" viewBox=\"0 0 24 24\" stroke-width=\"1.5\" stroke=\"currentColor\" class=\"size-6\">\n  <path stroke-linecap=\"round\" stroke-linejoin=\"round\" d=\"M13.5 4.5 21 12m0 0-7.5 7.5M21 12H3\" \/>\n<\/svg>\n\n                <\/span>\n            <\/a>\n                        <a href=\"https:\/\/imagebank.staging.mediasignal.dev\/fi\/testaa-30-paivaa-ilmaiseksi\/\" target=\"\"\n                class=\"flex text-sm md:text-base w-fit text-white items-center pl-6 pr-4 py-3 rounded-lg bg-gradient-to-r from-black to-gray-500 transition ease-in-out hover:scale-102 duration-300\">\n                Kokeile 30 p\u00e4iv\u00e4\u00e4 ilmaiseksi\n                <span class=\"min-w-4 min-h-4 ml-2\">\n                    <svg xmlns=\"http:\/\/www.w3.org\/2000\/svg\" fill=\"none\" viewBox=\"0 0 24 24\" stroke-width=\"1.5\" stroke=\"currentColor\" class=\"size-6\">\n  <path stroke-linecap=\"round\" stroke-linejoin=\"round\" d=\"M13.5 4.5 21 12m0 0-7.5 7.5M21 12H3\" \/>\n<\/svg>\n\n                <\/span>\n            <\/a>\n                    <\/div>\n            <\/div>\n        <div class=\"hidden xs:block relative -z-10 w-2\/5 -my-12\">\n        <img class=\"absolute bottom-0 left-0 -top-8 min-w-full max-w-none h-full object-contain\"\n            srcset=\"https:\/\/imagebank.staging.mediasignal.dev\/wp-content\/uploads\/2025\/03\/Hero-10-243x300.webp 243w, https:\/\/imagebank.staging.mediasignal.dev\/wp-content\/uploads\/2025\/03\/Hero-10-830x1024.webp 830w, https:\/\/imagebank.staging.mediasignal.dev\/wp-content\/uploads\/2025\/03\/Hero-10-768x948.webp 768w, https:\/\/imagebank.staging.mediasignal.dev\/wp-content\/uploads\/2025\/03\/Hero-10.webp 978w\" alt=\"Business professionals collaborating through a DAM partner program\" \/>\n    <\/div>\n    <div class=\"block xs:hidden\">\n        <img srcset=\"https:\/\/imagebank.staging.mediasignal.dev\/wp-content\/uploads\/2025\/03\/Hero-10-243x300.webp 243w, https:\/\/imagebank.staging.mediasignal.dev\/wp-content\/uploads\/2025\/03\/Hero-10-830x1024.webp 830w, https:\/\/imagebank.staging.mediasignal.dev\/wp-content\/uploads\/2025\/03\/Hero-10-768x948.webp 768w, https:\/\/imagebank.staging.mediasignal.dev\/wp-content\/uploads\/2025\/03\/Hero-10.webp 978w\" alt=\"Business professionals collaborating through a DAM partner program\" \/>\n    <\/div>\n    <\/div>\n\n<div style=\"height: 4rem;\"><\/div>\n\n\n\n<p><\/p>\n\n\n\n<section class=\"py-12\" >\n    <div class=\"relative swiper h-fit\">\n        <div\n            class=\"absolute pointer-events-none z-10 inset-0 bg-gradient-to-r from-white via-transparent to-white opacity-80 opacity\">\n        <\/div>\n        <div class=\"swiper-wrapper !h-[unset]\">\n                        <div class=\"swiper-slide !flex justify-center\">\n                                <a class=\"block w-fit\" href=\"https:\/\/imagebank.staging.mediasignal.dev\/fi\/referenssit\/jamsa\/\"\n                    aria-label=\"Lue lis\u00e4\u00e4 referenssist\u00e4 J\u00e4ms\u00e4n kaupunki tunnetaan P\u00e4ij\u00e4nteen, Himoksen ja kauniin luonnon ohella my\u00f6s teollisuudestaan\">\n                    <img decoding=\"async\" class=\"h-10 w-full max-w-52 object-contain\" src=\"https:\/\/imagebank.staging.mediasignal.dev\/wp-content\/uploads\/2025\/03\/Logo-Jamsa.webp\"\n                        alt=\"Logo-Jamsa\" \/>\n                <\/a>\n                            <\/div>\n                        <div class=\"swiper-slide !flex justify-center\">\n                                <div class=\"block w-fit\">\n                    <img decoding=\"async\" class=\"h-10 w-full max-w-52 object-contain\" src=\"https:\/\/imagebank.staging.mediasignal.dev\/wp-content\/uploads\/2025\/03\/Logo-Mariehamn.webp\"\n                        alt=\"Logo-Mariehamn\" \/>\n                <\/div>\n                            <\/div>\n                        <div class=\"swiper-slide !flex justify-center\">\n                                <a class=\"block w-fit\" href=\"https:\/\/imagebank.staging.mediasignal.dev\/fi\/referenssit\/turun-kaupunki\/\"\n                    aria-label=\"Lue lis\u00e4\u00e4 referenssist\u00e4 Turun kaupunki\">\n                    <img decoding=\"async\" class=\"h-10 w-full max-w-52 object-contain\" src=\"https:\/\/imagebank.staging.mediasignal.dev\/wp-content\/uploads\/2025\/03\/Logo-Turku.webp\"\n                        alt=\"\" \/>\n                <\/a>\n                            <\/div>\n                        <div class=\"swiper-slide !flex justify-center\">\n                                <a class=\"block w-fit\" href=\"https:\/\/imagebank.staging.mediasignal.dev\/fi\/referenssit\/kurikka\/\"\n                    aria-label=\"Lue lis\u00e4\u00e4 referenssist\u00e4 Kurikan kaupunki\">\n                    <img decoding=\"async\" class=\"h-10 w-full max-w-52 object-contain\" src=\"https:\/\/imagebank.staging.mediasignal.dev\/wp-content\/uploads\/2025\/03\/Logo-Kurikka.webp\"\n                        alt=\"Logo-Kurikka\" \/>\n                <\/a>\n                            <\/div>\n                        <div class=\"swiper-slide !flex justify-center\">\n                                <a class=\"block w-fit\" href=\"https:\/\/imagebank.staging.mediasignal.dev\/fi\/referenssit\/paimio\/\"\n                    aria-label=\"Lue lis\u00e4\u00e4 referenssist\u00e4 Paimion kaupunki\">\n                    <img decoding=\"async\" class=\"h-10 w-full max-w-52 object-contain\" src=\"https:\/\/imagebank.staging.mediasignal.dev\/wp-content\/uploads\/2025\/03\/Logo-Paimio.webp\"\n                        alt=\"Logo-Paimio\" \/>\n                <\/a>\n                            <\/div>\n                        <div class=\"swiper-slide !flex justify-center\">\n                                <a class=\"block w-fit\" href=\"https:\/\/imagebank.staging.mediasignal.dev\/fi\/referenssit\/tampereen-kaupunki\/\"\n                    aria-label=\"Lue lis\u00e4\u00e4 referenssist\u00e4 Tampereen kaupunki &#8211; maailman saunap\u00e4\u00e4kaupunki\">\n                    <img decoding=\"async\" class=\"h-10 w-full max-w-52 object-contain\" src=\"https:\/\/imagebank.staging.mediasignal.dev\/wp-content\/uploads\/2025\/03\/Logo-Tampere.webp\"\n                        alt=\"v\" \/>\n                <\/a>\n                            <\/div>\n                        <div class=\"swiper-slide !flex justify-center\">\n                                <a class=\"block w-fit\" href=\"https:\/\/imagebank.staging.mediasignal.dev\/fi\/referenssit\/naantali\/\"\n                    aria-label=\"Lue lis\u00e4\u00e4 referenssist\u00e4 Naantalin kaupunki on Suomen aurinkoisin paikkakunta\">\n                    <img decoding=\"async\" class=\"h-10 w-full max-w-52 object-contain\" src=\"https:\/\/imagebank.staging.mediasignal.dev\/wp-content\/uploads\/2025\/03\/Logo-Naantali.webp\"\n                        alt=\"Logo-Naantali\" \/>\n                <\/a>\n                            <\/div>\n                        <div class=\"swiper-slide !flex justify-center\">\n                                <div class=\"block w-fit\">\n                    <img decoding=\"async\" class=\"h-10 w-full max-w-52 object-contain\" src=\"https:\/\/imagebank.staging.mediasignal.dev\/wp-content\/uploads\/2025\/03\/Logo-Pori.webp\"\n                        alt=\"Logo-Pori\" \/>\n                <\/div>\n                            <\/div>\n                        <div class=\"swiper-slide !flex justify-center\">\n                                <a class=\"block w-fit\" href=\"https:\/\/imagebank.staging.mediasignal.dev\/fi\/referenssit\/kauniainen\/\"\n                    aria-label=\"Lue lis\u00e4\u00e4 referenssist\u00e4 Kauniaisten kaupunki\">\n                    <img decoding=\"async\" class=\"h-10 w-full max-w-52 object-contain\" src=\"https:\/\/imagebank.staging.mediasignal.dev\/wp-content\/uploads\/2025\/03\/Logo_Kauniainen.webp\"\n                        alt=\"Logo Kauniainen\" \/>\n                <\/a>\n                            <\/div>\n                        <div class=\"swiper-slide !flex justify-center\">\n                                <a class=\"block w-fit\" href=\"https:\/\/imagebank.staging.mediasignal.dev\/fi\/referenssit\/eura\/\"\n                    aria-label=\"Lue lis\u00e4\u00e4 referenssist\u00e4 Euran kunta\">\n                    <img decoding=\"async\" class=\"h-10 w-full max-w-52 object-contain\" src=\"https:\/\/imagebank.staging.mediasignal.dev\/wp-content\/uploads\/2025\/03\/Logo-Eura.webp\"\n                        alt=\"Logo-Eura\" \/>\n                <\/a>\n                            <\/div>\n                    <\/div>\n    <\/div>\n<\/section>\n\n<div style=\"height: 4rem;\"><\/div>\n\n\n<section id=\"Section\" class=\"content-wrap loose\">\n    \n\n<h2 class=\"wp-block-heading has-text-align-center\"><strong>Keskitetty\u00e4 aineistonhallintaa julkisille organisaatioille turvallisessa, helppok\u00e4ytt\u00f6isess\u00e4 ja kustannustehokkaassa mediapankissa \u2013 skaalautuen kuntasi kokoon ja tarpeisiin.<\/strong><\/h2>\n\n\n<\/section>\n\n<div style=\"height: 8rem;\"><\/div>\n\n\n<section id=\"Section\" class=\"content-wrap \">\n    \n\n<h2 class=\"wp-block-heading has-text-align-center\"><strong>Vaivatonta ja turvallista aineiston hallintaa ja jakamista<\/strong><\/h2>\n\n\n\n<p class=\"has-text-align-center\">ImageBank X mediapankki sis\u00e4lt\u00e4\u00e4 tehokkaan GDPR-k\u00e4ytt\u00f6oikeuksien hallintaty\u00f6kalun, joka virtaviivaistaa ja nopeuttaa digitaalisten aineistojen k\u00e4ytt\u00f6\u00e4. Sis\u00e4\u00e4nrakennetun k\u00e4ytt\u00f6oikeuksien ja suostumustenhallinnan ansiosta kunnat ja kaupungit voivat hallita ja jakaa mediaa luottavaisesti varmistaen samalla, ett\u00e4 kaikki s\u00e4\u00e4d\u00f6svaatimukset t\u00e4yttyv\u00e4t. Luokittelu-, merkitsemis- ja jakamisominaisuuksien ansiosta kunnat ja kaupungit voivat tehd\u00e4 tehokasta yhteisty\u00f6t\u00e4 ja jakaa aineistojaan turvallisesti sidosryhmille.<\/p>\n\n\n\n<p class=\"has-text-align-center\"><a href=\"https:\/\/imagebank.staging.mediasignal.dev\/fi\/tuki-ja-materiaalit\/tietoturva\/\">Lue lis\u00e4\u00e4 turvallisuudesta.<\/a><\/p>\n\n\n<\/section>\n\n<div style=\"height: 4rem;\"><\/div>\n\n\n<section \n    class=\"relative py-14\">\n            <div class=\"flex gap-6 justify-between flex-col md:flex-row bg-black text-white rounded-xl p-6 md:py-12 md:px-10\">\n        <div>\n            <h3 class=\"font-bold\">100% kotimainen mediapankki &#8211;  Turvallinen ja regulaatioiden mukainen<\/h3>\n                        <div class=\"flex\">\n                <span class=\"min-w-5 min-h-5 mr-2 mt-1\">\n                    <svg xmlns=\"http:\/\/www.w3.org\/2000\/svg\" fill=\"none\" viewBox=\"0 0 24 24\" stroke-width=\"1.5\" stroke=\"currentColor\" class=\"size-6\">\n  <path stroke-linecap=\"round\" stroke-linejoin=\"round\" d=\"m4.5 12.75 6 6 9-13.5\" \/>\n<\/svg>\n\n                <\/span>\n                <p class=\"m-0\">Yksityisyyden s\u00e4ilytt\u00e4minen GDPR:n ja globaalien yksityisyysasetusten mukainen<\/p>\n            <\/div>\n                        <div class=\"flex\">\n                <span class=\"min-w-5 min-h-5 mr-2 mt-1\">\n                    <svg xmlns=\"http:\/\/www.w3.org\/2000\/svg\" fill=\"none\" viewBox=\"0 0 24 24\" stroke-width=\"1.5\" stroke=\"currentColor\" class=\"size-6\">\n  <path stroke-linecap=\"round\" stroke-linejoin=\"round\" d=\"m4.5 12.75 6 6 9-13.5\" \/>\n<\/svg>\n\n                <\/span>\n                <p class=\"m-0\">Kokonaisvaltainen tietoturva t\u00e4yden suojan varmistamiseksi<\/p>\n            <\/div>\n                        <div class=\"flex\">\n                <span class=\"min-w-5 min-h-5 mr-2 mt-1\">\n                    <svg xmlns=\"http:\/\/www.w3.org\/2000\/svg\" fill=\"none\" viewBox=\"0 0 24 24\" stroke-width=\"1.5\" stroke=\"currentColor\" class=\"size-6\">\n  <path stroke-linecap=\"round\" stroke-linejoin=\"round\" d=\"m4.5 12.75 6 6 9-13.5\" \/>\n<\/svg>\n\n                <\/span>\n                <p class=\"m-0\">Palvelumme hy\u00f6dynt\u00e4\u00e4 Suomessa, Haminassa, sijaitsevia palvelimia.<\/p>\n            <\/div>\n                    <\/div>\n        <a href=\"https:\/\/imagebank.staging.mediasignal.dev\/fi\/tuki-ja-materiaalit\/tietoturva\/\" target=\"\"\n            class=\"flex font-bold self-center h-fit w-fit p-4 rounded-lg bg-gradient-to-r from-primary to-secondary transition ease-in-out hover:scale-105 duration-300\">\n            Lue lis\u00e4\u00e4 turvallisuudesta\n        <\/a>\n    <\/div>\n    <\/section>\n\n\n\n<div style=\"height: 4rem;\"><\/div>\n\n\n<section id=\"Section\" class=\"content-wrap \">\n    \n\n<h2 class=\"wp-block-heading has-text-align-center\"><strong>Saavutettavuus ja integraatiot tukevat julkisen sektorin vaatimuksia<\/strong><\/h2>\n\n\n\n<p class=\"has-text-align-center\">ImageBank X mediapankki noudattaa WCAG 2.1 AA -saavutettavuusstandardia, mik\u00e4 on erityisen t\u00e4rke\u00e4\u00e4 julkiselle sektorille. Lis\u00e4ksi mediapankki voidaan integroida kuntien ja kaupunkien taustaj\u00e4rjestelmiin, kuten Active Directoryyn, mik\u00e4 mahdollistaa sujuvan kirjautumisen ja k\u00e4ytt\u00e4j\u00e4hallinnan. N\u00e4m\u00e4 ominaisuudet tekev\u00e4t mediapankista luotettavan ja helppok\u00e4ytt\u00f6isen ty\u00f6kalun kunnan tarpeisiin.<\/p>\n\n\n<\/section>\n\n<div style=\"height: 4rem;\"><\/div>\n\n\n<section id=\"Section\" class=\"content-wrap \">\n    \n\n<h2 class=\"wp-block-heading has-text-align-center\"><strong>Skaalautuva ja mukautuva kasvaviin tarpeisiin<\/strong><\/h2>\n\n\n\n<p class=\"has-text-align-center\">ImageBank X mediapankki kunnille ja kaupungeille mukautuu niiden muuttuviin tarpeisiin mahdollistamalla nopean p\u00e4\u00e4syn digitaalisiin aineistoihin ja sujuvan yhteisty\u00f6n eri osastojen v\u00e4lill\u00e4. Mediapankin kategorisointi sek\u00e4 merkint\u00e4- ja jakamisominaisuudet helpottavat laajenevien sis\u00e4lt\u00f6kirjastojen hallintaa, kun taas moninaiset integraatiomahdollisuudet tekev\u00e4t toiminnasta olemassa olevien j\u00e4rjestelmien kanssa tehokasta.<\/p>\n\n\n<\/section>\n\n<div style=\"height: 3rem;\"><\/div>\n\n\n<div class=\"wp-block-image\">\n<figure class=\"aligncenter size-medium is-resized\"><img loading=\"lazy\" decoding=\"async\" width=\"300\" height=\"233\" src=\"https:\/\/imagebank.staging.mediasignal.dev\/app\/uploads\/2025\/04\/100-prosenttia-300x233.webp\" alt=\"\" class=\"wp-image-4798\" style=\"width:422px;height:auto\" srcset=\"https:\/\/imagebank.staging.mediasignal.dev\/wp-content\/uploads\/2025\/04\/100-prosenttia-300x233.webp 300w, https:\/\/imagebank.staging.mediasignal.dev\/wp-content\/uploads\/2025\/04\/100-prosenttia.webp 600w\" sizes=\"auto, (max-width: 300px) 100vw, 300px\" \/><\/figure>\n<\/div>\n\n<section id=\"Section\" class=\"content-wrap \">\n    \n\n<h2 class=\"wp-block-heading has-text-align-center\"><strong>100% kuntasektorin asiakkaistamme on todennut ImageBank X -mediapankin sopivan kuntasektorille hyvin.<\/strong><\/h2>\n\n\n<\/section>\n\n<section id=\"Section\" class=\"content-wrap \">\n    \n<div style=\"height: 6rem;\"><\/div>\n\n\n\n<h2 class=\"wp-block-heading has-text-align-center\"><strong>Miten kunnat ja kaupungit hy\u00f6tyv\u00e4t mediapankista?<\/strong><\/h2>\n\n\n<\/section>\n\n\n<section class=\"pb-8 relative\" >\n        <div\n        class=\"-z-50 pointer-events-none absolute left-1\/2 w-screen -translate-x-1\/2 bg-gradient-to-b from-white to-tetriary top-0 bottom-0\">\n    <\/div>\n    <img decoding=\"async\" class=\"hidden md:block absolute max-w-96 top-0 -left-80 -z-10\"\n        src=\"\/wp-content\/themes\/imagebank\/assets\/images\/muoto.webp\" alt=\"Purple twisting shape\" \/>\n        <div class=\"grid gap-4 md:gap-6 lg:gap-12 sm:grid-cols-2 lg:grid-cols-4 pt-12 pb-8\">\n                <div class=\"transition ease-in-out hover:scale-105 duration-300\">\n            <div class=\"h-5 mb-4\">\n                            <\/div>\n            <p class=\"m-0 text-lg md:text-xl\"><b>Viestint\u00e4 &#038; PR:<\/b> Lehdist\u00f6kuvat \u2022 Videot \u2022 Sosiaalisen median materiaalit \u2022 Grafiikka \u2022 Kampanjamateriaalit<\/p>\n        <\/div>\n                <div class=\"transition ease-in-out hover:scale-105 duration-300\">\n            <div class=\"h-5 mb-4\">\n                            <\/div>\n            <p class=\"m-0 text-lg md:text-xl\"><b>Dokumentaatio &#038; ohjeet:<\/b> Julkiset raportit \u2022 Lains\u00e4\u00e4d\u00e4nt\u00f6 ja toimintaperiaatteet \u2022 K\u00e4ytt\u00f6oppaat \u2022 Infografiikka<\/p>\n        <\/div>\n                <div class=\"transition ease-in-out hover:scale-105 duration-300\">\n            <div class=\"h-5 mb-4\">\n                            <\/div>\n            <p class=\"m-0 text-lg md:text-xl\"><b>Koulutusmateriaalit:<\/b> Koulutusvideot \u2022 Oppaat ja esitykset<\/p>\n        <\/div>\n                <div class=\"transition ease-in-out hover:scale-105 duration-300\">\n            <div class=\"h-5 mb-4\">\n                            <\/div>\n            <p class=\"m-0 text-lg md:text-xl\"><b>Sis\u00e4inen viestint\u00e4:<\/b> Intranet-materiaalit \u2022 Sis\u00e4iset tiedotteet \u2022 Tapahtuma- ja seminaarimateriaalit<\/p>\n        <\/div>\n                <div class=\"transition ease-in-out hover:scale-105 duration-300\">\n            <div class=\"h-5 mb-4\">\n                            <\/div>\n            <p class=\"m-0 text-lg md:text-xl\"><b>Projektinhallinta:<\/b> Projektiasiakirjat \u2022 Seurantamateriaalit<\/p>\n        <\/div>\n                <div class=\"transition ease-in-out hover:scale-105 duration-300\">\n            <div class=\"h-5 mb-4\">\n                            <\/div>\n            <p class=\"m-0 text-lg md:text-xl\"><b>Lains\u00e4\u00e4d\u00e4nt\u00f6:<\/b> Tiedotusmateriaalit \u2022 Lains\u00e4\u00e4d\u00e4nt\u00f6prosessin asiakirjat<\/p>\n        <\/div>\n                <div class=\"transition ease-in-out hover:scale-105 duration-300\">\n            <div class=\"h-5 mb-4\">\n                            <\/div>\n            <p class=\"m-0 text-lg md:text-xl\"><b>Turvallisuus &#038; vastuullisuus:<\/b> Turvallisuusohjeet \u2022 Kriisiviestint\u00e4materiaalit \u2022 Vastuu- ja vaatimustenmukaisuusasiakirjat<\/p>\n        <\/div>\n                <div class=\"transition ease-in-out hover:scale-105 duration-300\">\n            <div class=\"h-5 mb-4\">\n                            <\/div>\n            <p class=\"m-0 text-lg md:text-xl\"><b>Br\u00e4ndimateriaalit:<\/b> Logot ja br\u00e4ndimateriaalit \u2022 Tunnisteet ja symbolit \u2022 V\u00e4ripaletit ja graafiset ohjeet<\/p>\n        <\/div>\n            <\/div>\n    <\/section>\n\n\n\n\n<p class=\"has-text-align-center\"><\/p>\n\n\n<div style=\"height: 4rem;\"><\/div>\n\n\n<section id=\"Section\" class=\"content-wrap \">\n    \n\n<p class=\"has-text-align-center\"><em>&#8220;Aineiston s\u00e4ilytt\u00e4minen, lataaminen ja jakaminen on muuttunut toimivammaksi. Aineisto on j\u00e4rjestelty paremmin ja on helpommin l\u00f6ydett\u00e4viss\u00e4. Mediapankki on nyt laajemman porukan k\u00e4yt\u00f6ss\u00e4 kuin aiempi ratkaisumme. Useampi henkil\u00f6 p\u00e4\u00e4see hy\u00f6dynt\u00e4m\u00e4\u00e4n mediapankkiamme.&#8221;<\/em><\/p>\n\n\n\n<p class=\"has-text-align-center\"><strong>&#8211; Heini Ruuskanen, viestint\u00e4- ja markkinointikoordinaattori, J\u00e4ms\u00e4n kaupunki<\/strong><\/p>\n\n\n<\/section>\n\n<div style=\"height: 4rem;\"><\/div>\n\n\n<section id=\"Section\" class=\"content-wrap \">\n    \n\n<h2 class=\"wp-block-heading has-text-align-center\"><strong>Katso, kuinka kunnat ja kaupungit modernisoivat digitaalista kokemustaan \u200b\u200bImageBank X:n avulla<\/strong><\/h2>\n\n\n<\/section>\n\n<div style=\"height: 4rem;\"><\/div>\n\n\n\n<p class=\"has-text-align-center\">Kuntien ja kaupunkien viestinn\u00e4ss\u00e4 tavoitteena yleisesti on selke\u00e4 viestint\u00e4 ja viestinn\u00e4n laaja tavoittavuus. Viestinn\u00e4ll\u00e4 vaikutetaan kuntien ja kaupunkien maineeseen, palveluiden k\u00e4ytt\u00f6asteeseen, asukaslukuun ja asukkaiden yleiseen tyytyv\u00e4isyyteen. Mediapankki tarjoaa kunnille ja kaupungeille keskitetyn varaston digitaalisille aineistoille, jonka avulla ajantasaiset aineistot on vaivatonta l\u00f6yt\u00e4\u00e4 ja jakaa medialle sek\u00e4 muille sidosryhmille. Visuaalinen ja moderni mediapankki tukee aina kunnan omaa br\u00e4ndi-ilmett\u00e4.<\/p>\n\n\n\n<p class=\"has-text-align-center\">My\u00f6s sis\u00e4inen viestint\u00e4 korostuu, kuntien ja kaupunkien ollessa tavallisesti alueidensa suurimpia ty\u00f6nantajia. Siksi on t\u00e4rke\u00e4\u00e4, ett\u00e4 digitaaliset aineistot on helposti l\u00f6ydett\u00e4viss\u00e4 yhteisest\u00e4 mediapankista aina oman osaston k\u00e4ytt\u00f6tarkoitukseen.<\/p>\n\n\n\n<p><\/p>\n\n\n\n<section >\n    <div class=\"flex flex-wrap gap-4 sm:gap-8 lg:gap-12 pt-12 pb-20\">\n        \n                        \n        <div class=\"flex-1 min-w-64 transition ease-in-out hover:scale-102 duration-300\">\n            <a href=\"https:\/\/imagebank.staging.mediasignal.dev\/fi\/referenssit\/tampereen-kaupunki\/\" aria-label=\"Tampereen kaupunki - maailman saunap\u00e4\u00e4kaupunki\">\n                <img decoding=\"async\" class=\"h-60 w-full object-cover rounded-xl\" src=\"https:\/\/imagebank.staging.mediasignal.dev\/wp-content\/uploads\/2025\/03\/Reference_CityofTampere-kopio-1024x683.webp\" alt=\"City of Tampere\" \/>\n                <div class=\"mt-6 p-4 sm:p-0\">\n                    <p class=\"text-lg font-bold mb-1\">Tampereen kaupunki &#8211; maailman saunap\u00e4\u00e4kaupunki<\/p>\n                    <p class=\"mb-2\">Tampereen kaupunki mahdollistaa saumattoman viestinn\u00e4n mediapankin avulla.<\/p>\n                    <p class=\"text-lg underline mb-0\">Lue lis\u00e4\u00e4<\/p>\n                <\/div>\n            <\/a>\n        <\/div>\n        \n                        \n        <div class=\"flex-1 min-w-64 transition ease-in-out hover:scale-102 duration-300\">\n            <a href=\"https:\/\/imagebank.staging.mediasignal.dev\/fi\/referenssit\/oulun-kaupunki\/\" aria-label=\"Oulun kaupunki - Euroopan kulttuurip\u00e4\u00e4kaupunki 2026\">\n                <img decoding=\"async\" class=\"h-60 w-full object-cover rounded-xl\" src=\"https:\/\/imagebank.staging.mediasignal.dev\/wp-content\/uploads\/2025\/03\/Reference-Oulu-1024x576.webp\" alt=\"Reference-Oulu\" \/>\n                <div class=\"mt-6 p-4 sm:p-0\">\n                    <p class=\"text-lg font-bold mb-1\">Oulun kaupunki &#8211; Euroopan kulttuurip\u00e4\u00e4kaupunki 2026<\/p>\n                    <p class=\"mb-2\">Katso, miten tuleva Euroopan kulttuurip\u00e4\u00e4kaupunki hallinnoi digitaalisia aineistojaan.<\/p>\n                    <p class=\"text-lg underline mb-0\">Lue lis\u00e4\u00e4<\/p>\n                <\/div>\n            <\/a>\n        <\/div>\n            <\/div>\n<\/section>\n\n<section \n    class=\"relative py-14\">\n            <div class=\"flex gap-6 justify-between flex-col md:flex-row bg-black text-white rounded-xl p-6 md:py-12 md:px-10\">\n        <div>\n            <h3 class=\"font-bold\">Tutustu ImageBankiin<\/h3>\n                        <div class=\"flex\">\n                <span class=\"min-w-5 min-h-5 mr-2 mt-1\">\n                    <svg xmlns=\"http:\/\/www.w3.org\/2000\/svg\" fill=\"none\" viewBox=\"0 0 24 24\" stroke-width=\"1.5\" stroke=\"currentColor\" class=\"size-6\">\n  <path stroke-linecap=\"round\" stroke-linejoin=\"round\" d=\"m4.5 12.75 6 6 9-13.5\" \/>\n<\/svg>\n\n                <\/span>\n                <p class=\"m-0\">Ilmainen konsultaatio, ei sitoutumista<\/p>\n            <\/div>\n                    <\/div>\n        <a href=\"https:\/\/imagebank.staging.mediasignal.dev\/fi\/varaa-maksuton-demo\/#\" target=\"\"\n            class=\"flex font-bold self-center h-fit w-fit p-4 rounded-lg bg-gradient-to-r from-primary to-secondary transition ease-in-out hover:scale-105 duration-300\">\n            Varaa demo\n        <\/a>\n    <\/div>\n    <\/section>\n\n\n\n<section  class=\"relative py-14\">\n    <div class=\"flex flex-wrap justify-center gap-4 sm:gap-6 xl:gap-10\">\n                                                        <div\n            class=\"flex flex-col gap-6 max-w-lg flex-1 items-center px-4 py-6 sm:px-8 sm:py-10 min-w-56 rounded-xl shadow-lg shadow-gray border border-gray transition ease-in-out hover:scale-102 duration-300\">\n                        <div class=\"border border-black rounded-full w-fit px-4 py-2\">\n                Blogi\n            <\/div>\n                                    <img decoding=\"async\" class=\"object-contain max-h-44 md:max-h-52\" src=\"https:\/\/imagebank.staging.mediasignal.dev\/wp-content\/uploads\/2025\/03\/DAM_solution_for_municipalities_cities_and_tourism_organisations-300x169.webp\" alt=\"DAM solution for municipalities, cities and tourism organisations\" \/>\n                        <h4 class=\"text-center font-bold m-0\">Mediapankki kunnille, kaupungeille ja matkailuorganisaatioille<\/h4>\n            <p class=\"text-center m-0 md:px-6\"><\/p>\n            <a href=\"https:\/\/imagebank.staging.mediasignal.dev\/fi\/blogit\/kuntien-kaupunkien-ja-hyvinvointialueiden-mediapankki\/\" target=\"\"\n                class=\"flex text-white items-center font-bold mt-auto h-fit w-fit p-4 rounded-lg bg-gradient-to-r from-primary to-secondary transition ease-in-out hover:scale-105 duration-300 mx-auto\">\n                Lue blogi\n                <span class=\"min-w-4 min-h-4 ml-1\">\n                    <svg xmlns=\"http:\/\/www.w3.org\/2000\/svg\" fill=\"none\" viewBox=\"0 0 24 24\" stroke-width=\"1.5\" stroke=\"currentColor\" class=\"size-6\">\n  <path stroke-linecap=\"round\" stroke-linejoin=\"round\" d=\"M13.5 4.5 21 12m0 0-7.5 7.5M21 12H3\" \/>\n<\/svg>\n\n                <\/span>\n            <\/a>\n        <\/div>\n            <\/div>\n<\/section>\n\n<section \n    class=\"relative pt-20 md:pt-32 pb-12 md:pb-20\">\n            <div\n        class=\"-z-50 pointer-events-none absolute left-1\/2 w-screen -translate-x-1\/2 bg-gradient-to-b from-white to-tetriary top-0 bottom-0\">\n    <\/div>\n            <div class=\"content-wrap\">\n        <h2 class=\"h1 font-bold text-center\">Aloita jo t\u00e4n\u00e4\u00e4n!<\/h2>\n        <p class=\"text-center md:text-xl\">Jos olet valmis viem\u00e4\u00e4n digitaalisen aineistonhallinnan uudelle tasolle, tiimimme on aina valmis auttamaan.<\/p>\n        <a href=\"https:\/\/imagebank.staging.mediasignal.dev\/fi\/varaa-maksuton-demo\/#\" target=\"\"\n            class=\"flex text-white font-bold h-fit w-fit p-4 rounded-lg bg-gradient-to-r from-primary to-secondary transition ease-in-out hover:scale-105 duration-300 mx-auto\">\n            Varaa demo\n        <\/a>\n        <img decoding=\"async\" class=\"hidden md:block absolute max-w-96 top-0 -left-60 bottom-0 max-h-full\"\n            src=\"\/wp-content\/themes\/imagebank\/assets\/images\/muoto.webp\" alt=\"Purple twisting shape\" \/>\n    <\/div>\n    <\/section>\n\n","protected":false},"excerpt":{"rendered":"<p>Kuntien ja kaupunkien viestinn\u00e4ss\u00e4 tavoitteena yleisesti on selke\u00e4 viestint\u00e4 ja viestinn\u00e4n laaja tavoittavuus. Viestinn\u00e4ll\u00e4 vaikutetaan kuntien ja kaupunkien maineeseen, palveluiden k\u00e4ytt\u00f6asteeseen, asukaslukuun ja asukkaiden yleiseen tyytyv\u00e4isyyteen. Mediapankki tarjoaa kunnille ja kaupungeille keskitetyn varaston digitaalisille aineistoille, jonka avulla ajantasaiset aineistot on vaivatonta l\u00f6yt\u00e4\u00e4 ja jakaa medialle sek\u00e4 muille sidosryhmille. Visuaalinen ja moderni mediapankki tukee aina kunnan [&hellip;]<\/p>\n","protected":false},"author":1,"featured_media":3931,"parent":4955,"menu_order":0,"comment_status":"closed","ping_status":"closed","template":"","meta":{"_acf_changed":false,"_improvement_type_select":"improve_an_existing","_thumb_yes_seoaic":false,"_frame_yes_seoaic":false,"seoaic_generate_description":"","seoaic_improve_instructions_prompt":"","seoaic_rollback_content_improvement":"","seoaic_idea_thumbnail_generator":"","thumbnail_generated":false,"thumbnail_generate_prompt":"","seoaic_article_description":"","footnotes":""},"class_list":["post-4773","page","type-page","status-publish","has-post-thumbnail","hentry"],"acf":[],"yoast_head":"<!-- This site is optimized with the Yoast SEO plugin v25.2 - https:\/\/yoast.com\/wordpress\/plugins\/seo\/ -->\n<title>Mediapankki kunnille ja kaupungeille I Varmista GDPR ja yhteisty\u00f6 I ImageBank X DAM<\/title>\n<meta name=\"description\" content=\"Mediapankki kunnille ja kaupungeille on tehokkain ratkaisu digitaalisen aineistonhallintaan. ImageBank X varmistaa tiimien v\u00e4lisen yhteisty\u00f6n\" \/>\n<meta name=\"robots\" content=\"index, follow, max-snippet:-1, max-image-preview:large, max-video-preview:-1\" \/>\n<link rel=\"canonical\" href=\"https:\/\/imagebank.staging.mediasignal.dev\/fi\/soveltuvuus\/mediapankki-kunnille-ja-kaupungeille\/\" \/>\n<meta property=\"og:locale\" content=\"fi_FI\" \/>\n<meta property=\"og:type\" content=\"article\" \/>\n<meta property=\"og:title\" content=\"Mediapankki kunnille ja kaupungeille I Varmista GDPR ja yhteisty\u00f6 I ImageBank X DAM\" \/>\n<meta property=\"og:description\" content=\"Mediapankki kunnille ja kaupungeille on tehokkain ratkaisu digitaalisen aineistonhallintaan. ImageBank X varmistaa tiimien v\u00e4lisen yhteisty\u00f6n\" \/>\n<meta property=\"og:url\" content=\"https:\/\/imagebank.staging.mediasignal.dev\/fi\/soveltuvuus\/mediapankki-kunnille-ja-kaupungeille\/\" \/>\n<meta property=\"og:site_name\" content=\"ImageBank X DAM\" \/>\n<meta property=\"article:modified_time\" content=\"2025-06-17T10:36:11+00:00\" \/>\n<meta property=\"og:image\" content=\"https:\/\/imagebank.staging.mediasignal.dev\/app\/uploads\/2025\/03\/Woman-with-laptop-1-9.webp\" \/>\n\t<meta property=\"og:image:width\" content=\"1119\" \/>\n\t<meta property=\"og:image:height\" content=\"1382\" \/>\n\t<meta property=\"og:image:type\" content=\"image\/webp\" \/>\n<meta name=\"twitter:card\" content=\"summary_large_image\" \/>\n<meta name=\"twitter:label1\" content=\"Est. reading time\" \/>\n\t<meta name=\"twitter:data1\" content=\"2 minutes\" \/>\n<script type=\"application\/ld+json\" class=\"yoast-schema-graph\">{\"@context\":\"https:\/\/schema.org\",\"@graph\":[{\"@type\":\"WebPage\",\"@id\":\"https:\/\/imagebank.staging.mediasignal.dev\/fi\/soveltuvuus\/mediapankki-kunnille-ja-kaupungeille\/\",\"url\":\"https:\/\/imagebank.staging.mediasignal.dev\/fi\/soveltuvuus\/mediapankki-kunnille-ja-kaupungeille\/\",\"name\":\"Mediapankki kunnille ja kaupungeille I Varmista GDPR ja yhteisty\u00f6 I ImageBank X DAM\",\"isPartOf\":{\"@id\":\"https:\/\/imagebank.staging.mediasignal.dev\/fi\/#website\"},\"primaryImageOfPage\":{\"@id\":\"https:\/\/imagebank.staging.mediasignal.dev\/fi\/soveltuvuus\/mediapankki-kunnille-ja-kaupungeille\/#primaryimage\"},\"image\":{\"@id\":\"https:\/\/imagebank.staging.mediasignal.dev\/fi\/soveltuvuus\/mediapankki-kunnille-ja-kaupungeille\/#primaryimage\"},\"thumbnailUrl\":\"https:\/\/imagebank.staging.mediasignal.dev\/wp-content\/uploads\/2025\/03\/Woman-with-laptop-1-9.webp\",\"datePublished\":\"2025-03-10T11:06:33+00:00\",\"dateModified\":\"2025-06-17T10:36:11+00:00\",\"description\":\"Mediapankki kunnille ja kaupungeille on tehokkain ratkaisu digitaalisen aineistonhallintaan. ImageBank X varmistaa tiimien v\u00e4lisen yhteisty\u00f6n\",\"breadcrumb\":{\"@id\":\"https:\/\/imagebank.staging.mediasignal.dev\/fi\/soveltuvuus\/mediapankki-kunnille-ja-kaupungeille\/#breadcrumb\"},\"inLanguage\":\"fi\",\"potentialAction\":[{\"@type\":\"ReadAction\",\"target\":[\"https:\/\/imagebank.staging.mediasignal.dev\/fi\/soveltuvuus\/mediapankki-kunnille-ja-kaupungeille\/\"]}]},{\"@type\":\"ImageObject\",\"inLanguage\":\"fi\",\"@id\":\"https:\/\/imagebank.staging.mediasignal.dev\/fi\/soveltuvuus\/mediapankki-kunnille-ja-kaupungeille\/#primaryimage\",\"url\":\"https:\/\/imagebank.staging.mediasignal.dev\/wp-content\/uploads\/2025\/03\/Woman-with-laptop-1-9.webp\",\"contentUrl\":\"https:\/\/imagebank.staging.mediasignal.dev\/wp-content\/uploads\/2025\/03\/Woman-with-laptop-1-9.webp\",\"width\":1119,\"height\":1382,\"caption\":\"Mediapankki kunnille ja kaupungeille on tehokkain ratkaisu digitaalisen aineistonhallintaan. ImageBank X varmistaa tiimien v\u00e4lisen yhteisty\u00f6n\"},{\"@type\":\"BreadcrumbList\",\"@id\":\"https:\/\/imagebank.staging.mediasignal.dev\/fi\/soveltuvuus\/mediapankki-kunnille-ja-kaupungeille\/#breadcrumb\",\"itemListElement\":[{\"@type\":\"ListItem\",\"position\":1,\"name\":\"Home\",\"item\":\"https:\/\/imagebank.staging.mediasignal.dev\/fi\/\"},{\"@type\":\"ListItem\",\"position\":2,\"name\":\"Soveltuvuus\",\"item\":\"https:\/\/imagebank.staging.mediasignal.dev\/fi\/soveltuvuus\/\"},{\"@type\":\"ListItem\",\"position\":3,\"name\":\"ImageBank mediapankki kunnille ja kaupungeille\"}]},{\"@type\":\"WebSite\",\"@id\":\"https:\/\/imagebank.staging.mediasignal.dev\/fi\/#website\",\"url\":\"https:\/\/imagebank.staging.mediasignal.dev\/fi\/\",\"name\":\"ImageBank X\",\"description\":\"\",\"publisher\":{\"@id\":\"https:\/\/imagebank.staging.mediasignal.dev\/fi\/#organization\"},\"potentialAction\":[{\"@type\":\"SearchAction\",\"target\":{\"@type\":\"EntryPoint\",\"urlTemplate\":\"https:\/\/imagebank.staging.mediasignal.dev\/fi\/?s={search_term_string}\"},\"query-input\":{\"@type\":\"PropertyValueSpecification\",\"valueRequired\":true,\"valueName\":\"search_term_string\"}}],\"inLanguage\":\"fi\"},{\"@type\":\"Organization\",\"@id\":\"https:\/\/imagebank.staging.mediasignal.dev\/fi\/#organization\",\"name\":\"ImageBank X\",\"url\":\"https:\/\/imagebank.staging.mediasignal.dev\/fi\/\",\"logo\":{\"@type\":\"ImageObject\",\"inLanguage\":\"fi\",\"@id\":\"https:\/\/imagebank.staging.mediasignal.dev\/fi\/#\/schema\/logo\/image\/\",\"url\":\"https:\/\/imagebank.staging.mediasignal.dev\/app\/uploads\/2025\/03\/cropped-favicon.png\",\"contentUrl\":\"https:\/\/imagebank.staging.mediasignal.dev\/app\/uploads\/2025\/03\/cropped-favicon.png\",\"width\":512,\"height\":512,\"caption\":\"ImageBank X\"},\"image\":{\"@id\":\"https:\/\/imagebank.staging.mediasignal.dev\/fi\/#\/schema\/logo\/image\/\"},\"sameAs\":[\"https:\/\/linkedin.com\/imagebank-independent\"]}]}<\/script>\n<!-- \/ Yoast SEO plugin. -->","yoast_head_json":{"title":"Mediapankki kunnille ja kaupungeille I Varmista GDPR ja yhteisty\u00f6 I ImageBank X DAM","description":"Mediapankki kunnille ja kaupungeille on tehokkain ratkaisu digitaalisen aineistonhallintaan. ImageBank X varmistaa tiimien v\u00e4lisen yhteisty\u00f6n","robots":{"index":"index","follow":"follow","max-snippet":"max-snippet:-1","max-image-preview":"max-image-preview:large","max-video-preview":"max-video-preview:-1"},"canonical":"https:\/\/imagebank.staging.mediasignal.dev\/fi\/soveltuvuus\/mediapankki-kunnille-ja-kaupungeille\/","og_locale":"fi_FI","og_type":"article","og_title":"Mediapankki kunnille ja kaupungeille I Varmista GDPR ja yhteisty\u00f6 I ImageBank X DAM","og_description":"Mediapankki kunnille ja kaupungeille on tehokkain ratkaisu digitaalisen aineistonhallintaan. ImageBank X varmistaa tiimien v\u00e4lisen yhteisty\u00f6n","og_url":"https:\/\/imagebank.staging.mediasignal.dev\/fi\/soveltuvuus\/mediapankki-kunnille-ja-kaupungeille\/","og_site_name":"ImageBank X DAM","article_modified_time":"2025-06-17T10:36:11+00:00","og_image":[{"width":1119,"height":1382,"url":"https:\/\/imagebank.staging.mediasignal.dev\/app\/uploads\/2025\/03\/Woman-with-laptop-1-9.webp","type":"image\/webp"}],"twitter_card":"summary_large_image","twitter_misc":{"Est. reading time":"2 minutes"},"schema":{"@context":"https:\/\/schema.org","@graph":[{"@type":"WebPage","@id":"https:\/\/imagebank.staging.mediasignal.dev\/fi\/soveltuvuus\/mediapankki-kunnille-ja-kaupungeille\/","url":"https:\/\/imagebank.staging.mediasignal.dev\/fi\/soveltuvuus\/mediapankki-kunnille-ja-kaupungeille\/","name":"Mediapankki kunnille ja kaupungeille I Varmista GDPR ja yhteisty\u00f6 I ImageBank X DAM","isPartOf":{"@id":"https:\/\/imagebank.staging.mediasignal.dev\/fi\/#website"},"primaryImageOfPage":{"@id":"https:\/\/imagebank.staging.mediasignal.dev\/fi\/soveltuvuus\/mediapankki-kunnille-ja-kaupungeille\/#primaryimage"},"image":{"@id":"https:\/\/imagebank.staging.mediasignal.dev\/fi\/soveltuvuus\/mediapankki-kunnille-ja-kaupungeille\/#primaryimage"},"thumbnailUrl":"https:\/\/imagebank.staging.mediasignal.dev\/wp-content\/uploads\/2025\/03\/Woman-with-laptop-1-9.webp","datePublished":"2025-03-10T11:06:33+00:00","dateModified":"2025-06-17T10:36:11+00:00","description":"Mediapankki kunnille ja kaupungeille on tehokkain ratkaisu digitaalisen aineistonhallintaan. ImageBank X varmistaa tiimien v\u00e4lisen yhteisty\u00f6n","breadcrumb":{"@id":"https:\/\/imagebank.staging.mediasignal.dev\/fi\/soveltuvuus\/mediapankki-kunnille-ja-kaupungeille\/#breadcrumb"},"inLanguage":"fi","potentialAction":[{"@type":"ReadAction","target":["https:\/\/imagebank.staging.mediasignal.dev\/fi\/soveltuvuus\/mediapankki-kunnille-ja-kaupungeille\/"]}]},{"@type":"ImageObject","inLanguage":"fi","@id":"https:\/\/imagebank.staging.mediasignal.dev\/fi\/soveltuvuus\/mediapankki-kunnille-ja-kaupungeille\/#primaryimage","url":"https:\/\/imagebank.staging.mediasignal.dev\/wp-content\/uploads\/2025\/03\/Woman-with-laptop-1-9.webp","contentUrl":"https:\/\/imagebank.staging.mediasignal.dev\/wp-content\/uploads\/2025\/03\/Woman-with-laptop-1-9.webp","width":1119,"height":1382,"caption":"Mediapankki kunnille ja kaupungeille on tehokkain ratkaisu digitaalisen aineistonhallintaan. ImageBank X varmistaa tiimien v\u00e4lisen yhteisty\u00f6n"},{"@type":"BreadcrumbList","@id":"https:\/\/imagebank.staging.mediasignal.dev\/fi\/soveltuvuus\/mediapankki-kunnille-ja-kaupungeille\/#breadcrumb","itemListElement":[{"@type":"ListItem","position":1,"name":"Home","item":"https:\/\/imagebank.staging.mediasignal.dev\/fi\/"},{"@type":"ListItem","position":2,"name":"Soveltuvuus","item":"https:\/\/imagebank.staging.mediasignal.dev\/fi\/soveltuvuus\/"},{"@type":"ListItem","position":3,"name":"ImageBank mediapankki kunnille ja kaupungeille"}]},{"@type":"WebSite","@id":"https:\/\/imagebank.staging.mediasignal.dev\/fi\/#website","url":"https:\/\/imagebank.staging.mediasignal.dev\/fi\/","name":"ImageBank X","description":"","publisher":{"@id":"https:\/\/imagebank.staging.mediasignal.dev\/fi\/#organization"},"potentialAction":[{"@type":"SearchAction","target":{"@type":"EntryPoint","urlTemplate":"https:\/\/imagebank.staging.mediasignal.dev\/fi\/?s={search_term_string}"},"query-input":{"@type":"PropertyValueSpecification","valueRequired":true,"valueName":"search_term_string"}}],"inLanguage":"fi"},{"@type":"Organization","@id":"https:\/\/imagebank.staging.mediasignal.dev\/fi\/#organization","name":"ImageBank X","url":"https:\/\/imagebank.staging.mediasignal.dev\/fi\/","logo":{"@type":"ImageObject","inLanguage":"fi","@id":"https:\/\/imagebank.staging.mediasignal.dev\/fi\/#\/schema\/logo\/image\/","url":"https:\/\/imagebank.staging.mediasignal.dev\/app\/uploads\/2025\/03\/cropped-favicon.png","contentUrl":"https:\/\/imagebank.staging.mediasignal.dev\/app\/uploads\/2025\/03\/cropped-favicon.png","width":512,"height":512,"caption":"ImageBank X"},"image":{"@id":"https:\/\/imagebank.staging.mediasignal.dev\/fi\/#\/schema\/logo\/image\/"},"sameAs":["https:\/\/linkedin.com\/imagebank-independent"]}]}},"_links":{"self":[{"href":"https:\/\/imagebank.staging.mediasignal.dev\/fi\/wp-json\/wp\/v2\/pages\/4773","targetHints":{"allow":["GET"]}}],"collection":[{"href":"https:\/\/imagebank.staging.mediasignal.dev\/fi\/wp-json\/wp\/v2\/pages"}],"about":[{"href":"https:\/\/imagebank.staging.mediasignal.dev\/fi\/wp-json\/wp\/v2\/types\/page"}],"author":[{"embeddable":true,"href":"https:\/\/imagebank.staging.mediasignal.dev\/fi\/wp-json\/wp\/v2\/users\/1"}],"replies":[{"embeddable":true,"href":"https:\/\/imagebank.staging.mediasignal.dev\/fi\/wp-json\/wp\/v2\/comments?post=4773"}],"version-history":[{"count":29,"href":"https:\/\/imagebank.staging.mediasignal.dev\/fi\/wp-json\/wp\/v2\/pages\/4773\/revisions"}],"predecessor-version":[{"id":8364,"href":"https:\/\/imagebank.staging.mediasignal.dev\/fi\/wp-json\/wp\/v2\/pages\/4773\/revisions\/8364"}],"up":[{"embeddable":true,"href":"https:\/\/imagebank.staging.mediasignal.dev\/fi\/wp-json\/wp\/v2\/pages\/4955"}],"wp:featuredmedia":[{"embeddable":true,"href":"https:\/\/imagebank.staging.mediasignal.dev\/fi\/wp-json\/wp\/v2\/media\/3931"}],"wp:attachment":[{"href":"https:\/\/imagebank.staging.mediasignal.dev\/fi\/wp-json\/wp\/v2\/media?parent=4773"}],"curies":[{"name":"wp","href":"https:\/\/api.w.org\/{rel}","templated":true}]}}